{"id":8145,"date":"2026-02-17T05:09:20","date_gmt":"2026-02-17T05:09:20","guid":{"rendered":"https:\/\/trailo.ee\/product\/mounting-rails-s\/"},"modified":"2026-04-02T07:57:52","modified_gmt":"2026-04-02T07:57:52","slug":"mounting-rails-s","status":"publish","type":"product","link":"https:\/\/trailo.ee\/et\/toode\/mounting-rails-s\/","title":{"rendered":"Kinnitusr\u00f6\u00f6pad S"},"content":{"rendered":"<p>Kinnitussiinid, mis muudavad teie Thule katusele paigaldatava telgi \u00fchilduvaks lukustatavate ja kiirelt paigaldatavate Thule kinnitusklambritega, v\u00f5imaldades telgi s\u00f5iduki k\u00fclge lukustada ning selle s\u00f5idukist poole kiiremini paigaldada ja eemaldada. Eelnevalt puuritud augud v\u00f5imaldavad teil vanad kinnitussiinid h\u00f5lpsalt eemaldada ja uued kinnitussiinid puurimata paika poltidega kinnitada.<\/p>\n<div class=\"d-flex feature-wrapper mb-lg-8\">\n<ul>\n<li class=\"mb-8 feature-text-content\"><span class=\"paragraph\" data-original=\"Includes two mounting rails, hardware and two plastic end caps\" data-withplaceholders=\"\">Komplektis kaks kinnitusr\u00f6\u00f6pa, kinnitusdetailid ja kaks plastmassist otsakorki.<\/span><\/li>\n<\/ul>\n<\/div>\n<div class=\"d-flex feature-wrapper mb-lg-8\">\n<ul>\n<li class=\"mb-8 feature-text-content\"><span class=\"paragraph\" data-original=\"Compatible with Thule Approach S, Thule Ayer 2, Thule Low Pro 2\" data-withplaceholders=\"\">\u00dchildub Thule Approach S, Thule Ayer 2 ja Thule Low Pro 2-ga.<\/span><\/li>\n<\/ul>\n<\/div>","protected":false},"excerpt":{"rendered":"<p>Kinnitussiinid, mis muudavad teie Thule katusetelgi \u00fchilduvaks lukustatavate ja kiirelt paigaldatavate Thule kinnitusklambritega, v\u00f5imaldades teil telgi s\u00f5iduki k\u00fclge lukustada ning selle s\u00f5idukist poole kiiremini paigaldada ja eemaldada. Eelnevalt puuritud augud v\u00f5imaldavad teil vanad kinnitussiinid h\u00f5lpsalt eemaldada ja uued kinnitussiinid poltidega kinnitada ilma...<br \/>\npuurimine.<\/p>\n<div class=\"techSpecs__Item\">\n<p class=\"heading6\">M\u00f5\u00f5tmed (P x L x K): 126 x 6,3 x 6,2 cm<\/p>\n<\/div>\n<div class=\"techSpecs__Item\">\n<p class=\"heading6\">\u00dchilduvus: Thule Approach S, Thule Ayer 2, Thule Low Pro 2<\/p>\n<\/div>","protected":false},"featured_media":10347,"template":"","meta":[],"product_brand":[],"product_cat":[51,22],"product_tag":[119],"class_list":["post-8145","product","type-product","status-publish","has-post-thumbnail","product_cat-accessories-car-tents","product_cat-car-tents","product_tag-accessories","first","instock","taxable","shipping-taxable","purchasable","product-type-simple"],"jetpack_sharing_enabled":true,"_links":{"self":[{"href":"https:\/\/trailo.ee\/et\/wp-json\/wp\/v2\/product\/8145","targetHints":{"allow":["GET"]}}],"collection":[{"href":"https:\/\/trailo.ee\/et\/wp-json\/wp\/v2\/product"}],"about":[{"href":"https:\/\/trailo.ee\/et\/wp-json\/wp\/v2\/types\/product"}],"wp:featuredmedia":[{"embeddable":true,"href":"https:\/\/trailo.ee\/et\/wp-json\/wp\/v2\/media\/10347"}],"wp:attachment":[{"href":"https:\/\/trailo.ee\/et\/wp-json\/wp\/v2\/media?parent=8145"}],"wp:term":[{"taxonomy":"product_brand","embeddable":true,"href":"https:\/\/trailo.ee\/et\/wp-json\/wp\/v2\/product_brand?post=8145"},{"taxonomy":"product_cat","embeddable":true,"href":"https:\/\/trailo.ee\/et\/wp-json\/wp\/v2\/product_cat?post=8145"},{"taxonomy":"product_tag","embeddable":true,"href":"https:\/\/trailo.ee\/et\/wp-json\/wp\/v2\/product_tag?post=8145"}],"curies":[{"name":"t\u00f6\u00f6leht","href":"https:\/\/api.w.org\/{rel}","templated":true}]}}