{"id":8125,"date":"2026-02-17T05:09:19","date_gmt":"2026-02-17T05:09:19","guid":{"rendered":"https:\/\/trailo.ee\/product\/mounting-brackets-4-pack\/"},"modified":"2026-05-14T06:44:54","modified_gmt":"2026-05-14T06:44:54","slug":"mounting-brackets-4-pack","status":"publish","type":"product","link":"https:\/\/trailo.ee\/et\/toode\/mounting-brackets-4-pack\/","title":{"rendered":"Kinnitusklambrid (4 tk pakis)"},"content":{"rendered":"<ul>\n<li>\u00dchildub Thule Approach ja Thule Basin katusetelkidega<\/li>\n<li>Thule Ayeriga \u00fchilduvuse tagamiseks on vaja osta lisatarvikuna saadaval olevad Thule kinnitusr\u00f6\u00f6pad.,<\/li>\n<li>Thule Kukenam, Thule Autana, Thule Foothill, Thule Low-Pro ja Thule Ruggedized katusetelgid<\/li>\n<li>Lukustatav lisaturvalisuse tagamiseks<\/li>\n<li>Kiire ja lihtne paigaldus \u2013 poole odavam kui sarnastel lahendustel<\/li>\n<li>P\u00f6\u00f6rdemomendiv\u00f5ti ohutumaks paigaldamiseks, kuuldav kl\u00f5ps annab m\u00e4rku, et see on piisavalt pingutatud<\/li>\n<li>Pole lahtisi osi, mis v\u00f5ivad porisse kaduma minna v\u00f5i s\u00f5iduki katusele kukkuda<\/li>\n<li>Telgi paigaldamiseks pole vaja seda \u00fcles t\u00f5sta. Lihtsalt sisestage see siinidesse, keerake ja pingutage.<\/li>\n<li>Komplektis on 4 kinnitusklambrit ja \u00fcks momentv\u00f5ti<\/li>\n<li>\u00dchildub paljude Thule katuseraamide ja ka teiste tootjate p\u00f5iktaladega (sobivuse \u00fcksikasjad leiate kasutusjuhendist).<\/li>\n<\/ul>","protected":false},"excerpt":{"rendered":"<p>Uuenduslikud kinnitusklambrid v\u00f5imaldavad teil paigaldada katusele telgi v\u00f5i katuseraami oma s\u00f5idukile vaid minutitega \u2013 poole kiiremini kui traditsioonilise kinnituslahenduse puhul. Paigaldamise ohutuse tagamiseks annab momentv\u00f5ti kuuldava kl\u00f5psu, mis annab m\u00e4rku, et see on piisavalt pingutatud. Lisaturvalisuse tagamiseks lukustavad kinnitusklambrid telgi teie katuseraamile.<\/p>\n<p class=\"heading6\">\u00dchilduvus: Thule bassein, Thule basseini kiil, Thule Ayer\/Kukenam\/Autana, Thule jalg, Thule l\u00e4henemine<\/p>","protected":false},"featured_media":9943,"template":"","meta":[],"product_brand":[],"product_cat":[51,22],"product_tag":[119],"class_list":["post-8125","product","type-product","status-publish","has-post-thumbnail","product_cat-accessories-car-tents","product_cat-car-tents","product_tag-accessories","first","instock","taxable","shipping-taxable","purchasable","product-type-simple"],"jetpack_sharing_enabled":true,"_links":{"self":[{"href":"https:\/\/trailo.ee\/et\/wp-json\/wp\/v2\/product\/8125","targetHints":{"allow":["GET"]}}],"collection":[{"href":"https:\/\/trailo.ee\/et\/wp-json\/wp\/v2\/product"}],"about":[{"href":"https:\/\/trailo.ee\/et\/wp-json\/wp\/v2\/types\/product"}],"wp:featuredmedia":[{"embeddable":true,"href":"https:\/\/trailo.ee\/et\/wp-json\/wp\/v2\/media\/9943"}],"wp:attachment":[{"href":"https:\/\/trailo.ee\/et\/wp-json\/wp\/v2\/media?parent=8125"}],"wp:term":[{"taxonomy":"product_brand","embeddable":true,"href":"https:\/\/trailo.ee\/et\/wp-json\/wp\/v2\/product_brand?post=8125"},{"taxonomy":"product_cat","embeddable":true,"href":"https:\/\/trailo.ee\/et\/wp-json\/wp\/v2\/product_cat?post=8125"},{"taxonomy":"product_tag","embeddable":true,"href":"https:\/\/trailo.ee\/et\/wp-json\/wp\/v2\/product_tag?post=8125"}],"curies":[{"name":"t\u00f6\u00f6leht","href":"https:\/\/api.w.org\/{rel}","templated":true}]}}