{"id":7888,"date":"2026-02-17T05:09:05","date_gmt":"2026-02-17T05:09:05","guid":{"rendered":"https:\/\/trailo.ee\/product\/alltrail-daypack-25l-pond\/"},"modified":"2026-05-14T19:11:36","modified_gmt":"2026-05-14T19:11:36","slug":"alltrail-daypack-25l-pond","status":"publish","type":"product","link":"https:\/\/trailo.ee\/et\/toode\/alltrail-daypack-25l-pond\/","title":{"rendered":"AllTrail Daypack (25L), Pond blue"},"content":{"rendered":"<h2 class=\"heading3\">P\u00e4evakotid matkamiseks, reisimiseks ja linnareisideks<\/h2>\n<div class=\"mb-6\">\n<h5 class=\"heading5 text-color--black mb-4\">Matkamiseks, reisimiseks v\u00f5i aktiivseks igap\u00e4evaeluks<\/h5>\n<p class=\"paragraph text-color--gray80\">See p\u00e4evaseljakott on voolujooneline ja kerge, pakkudes ruumi kogu vajalikule varustusele nii p\u00e4evamatkal kui ka linnas k\u00e4ies. Kokkupandav v\u00f6\u00f6rihm pakub matkal lisatuge, kuid igap\u00e4evaselt saab selle \u00e4ra pista.<\/p>\n<\/div>\n<div class=\"mb-6\">\n<h5 class=\"heading5 text-color--black mb-4\">Integreeritud vihmakate<\/h5>\n<p class=\"paragraph text-color--gray80\">Kohandatud vihmakate kaitseb teie varustust k\u00f5ige vihmasema ilmaga ja mahub korralikult seljakoti k\u00fclgseina sisse, kui p\u00e4ike j\u00e4lle paistma hakkab.<\/p>\n<\/div>\n<div class=\"mb-6\">\n<h5 class=\"heading5 text-color--black mb-4\">J\u00e4tkusuutlikud kotid, mis v\u00f5imaldavad teil v\u00e4hemaga rohkem \u00e4ra teha<\/h5>\n<p class=\"paragraph text-color--gray80\">Iga selle kollektsiooni kott on bluesign\u00ae sertifitseeritud \u2013 see on range rahvusvaheline kriteerium, mis tagab t\u00f6\u00f6tajate, tarbijate ja keskkonna kaitse.<\/p>\n<ul>\n<li>25-liitrine mahutavus ja voolujooneline disain \u2013 ideaalne suurus p\u00e4evavarustuse kaasaskandmiseks ja liikuvuse s\u00e4ilitamiseks kitsal rajal v\u00f5i rahvarohkes rongijaamas navigeerides.<\/li>\n<li>Vihmakate on kaasas \u2013 Kohandatud vihmakate kaitseb teie varustust k\u00f5ige vihmasema ilmaga ja mahub korralikult seljakoti k\u00fclgseina sisse, kui p\u00e4ike j\u00e4lle paistma hakkab.<\/li>\n<li>Bluesign\u00ae sertifikaadiga toode \u2013 bluesign\u00ae on range rahvusvaheline kriteerium, mis tagab t\u00f6\u00f6tajate, tarbijate ja keskkonna kaitse.<\/li>\n<li>Polsterdatud sisemine tasku s\u00fclearvuti v\u00f5i joogi jaoks \u2013 kergelt polsterdatud sisepaneel kaitseb s\u00fclearvutit, tahvelarvutit ja dokumente reisimise ajal v\u00f5i mahutab kuni 3-liitrise joogiveepaagi (ei kuulu komplekti).<\/li>\n<li>Tasku oluliste asjade jaoks \u2013 \u00fclemine tasku pakub h\u00f5lpsat juurdep\u00e4\u00e4su olulistele igap\u00e4evastele esemetele, nagu telefon, prillid, v\u00f5tmed<\/li>\n<li>Kiire ligip\u00e4\u00e4suga l\u00fckatav tasku \u2013 V\u00e4limisse laiendatavasse taskusse saab tuulejope v\u00f5i kampsuni kiiresti hoiustada.<\/li>\n<li>Kokkupandav v\u00f6\u00f6rihm \u2013 V\u00f6\u00f6rihm pakub pikkadel matkadel lisastabiilsust, kuid linna suundudes saab selle \u00e4ra pista, et oleks mugavam kanda.<\/li>\n<li>Matkakepi kinnitus \u2013 Kinnitusaasad v\u00f5imaldavad teil matkakeppe hoiustada, kui neid ei kasutata<\/li>\n<li>Sisemine lukuga v\u00f5rktasku \u2013 Sisemine lukuga v\u00f5rktasku pakub v\u00e4iksematele esemetele turvalist hoiustamist<\/li>\n<li>Mugav ja hingav seljapaneel \u2013 seljapaneel on valmistatud \u00f5huv\u00f5rgust mugavaks ja hingavaks matkamiseks v\u00f5i rajal s\u00f5itmiseks.<\/li>\n<li>Kiire ligip\u00e4\u00e4suga k\u00fcljetaskud \u2013 k\u00fcljetaskud pakuvad kiiret juurdep\u00e4\u00e4su veepudelile, toidule v\u00f5i t\u00f6\u00f6riistadele<\/li>\n<\/ul>\n<\/div>","protected":false},"excerpt":{"rendered":"<p>Oleme oma parimate teadmiste ja oskusteabe p\u00f5hjal loonud mitmek\u00fclgse 25-liitrise p\u00e4evaseljakoti, mis sobib igale poole \u2013 matkarajale, linna v\u00f5i reisile.<\/p>","protected":false},"featured_media":11226,"template":"","meta":[],"product_brand":[],"product_cat":[77,23],"product_tag":[123],"class_list":["post-7888","product","type-product","status-publish","has-post-thumbnail","product_cat-hiking-backpacks","product_cat-luggage-bags","product_tag-bicycle-and-sports-bags","first","instock","taxable","shipping-taxable","purchasable","product-type-simple"],"jetpack_sharing_enabled":true,"_links":{"self":[{"href":"https:\/\/trailo.ee\/et\/wp-json\/wp\/v2\/product\/7888","targetHints":{"allow":["GET"]}}],"collection":[{"href":"https:\/\/trailo.ee\/et\/wp-json\/wp\/v2\/product"}],"about":[{"href":"https:\/\/trailo.ee\/et\/wp-json\/wp\/v2\/types\/product"}],"wp:featuredmedia":[{"embeddable":true,"href":"https:\/\/trailo.ee\/et\/wp-json\/wp\/v2\/media\/11226"}],"wp:attachment":[{"href":"https:\/\/trailo.ee\/et\/wp-json\/wp\/v2\/media?parent=7888"}],"wp:term":[{"taxonomy":"product_brand","embeddable":true,"href":"https:\/\/trailo.ee\/et\/wp-json\/wp\/v2\/product_brand?post=7888"},{"taxonomy":"product_cat","embeddable":true,"href":"https:\/\/trailo.ee\/et\/wp-json\/wp\/v2\/product_cat?post=7888"},{"taxonomy":"product_tag","embeddable":true,"href":"https:\/\/trailo.ee\/et\/wp-json\/wp\/v2\/product_tag?post=7888"}],"curies":[{"name":"t\u00f6\u00f6leht","href":"https:\/\/api.w.org\/{rel}","templated":true}]}}