{"id":7863,"date":"2026-02-17T05:09:03","date_gmt":"2026-02-17T05:09:03","guid":{"rendered":"https:\/\/trailo.ee\/product\/subterra-2-convertible-carry-on-vetiver-grey\/"},"modified":"2026-05-14T18:43:37","modified_gmt":"2026-05-14T18:43:37","slug":"subterra-2-convertible-carry-on-vetiver-grey","status":"publish","type":"product","link":"https:\/\/trailo.ee\/et\/toode\/subterra-2-convertible-carry-on-vetiver-grey\/","title":{"rendered":"Subterra 2 konverteeritav k\u00e4sipagas (40L), vetiverihall"},"content":{"rendered":"<h2 class=\"heading3\">Elegantne, mitmek\u00fclgne ja loodud t\u00e4nap\u00e4evasele reisijale<\/h2>\n<div class=\"mb-6\">\n<h5 class=\"heading5 text-color--black mb-4\">Mitmek\u00fclgne ja kohandatav disain<\/h5>\n<p class=\"paragraph text-color--gray80\">Kanna kotti \u00f5lal nagu reisikotti v\u00f5i seljakottina kokkupandavate seljakotirihmade abil. Kui v\u00f5tad kaasa s\u00fclearvuti, saab eemaldatavat kinnitusdetaili kasutada eraldi v\u00f5i s\u00fclearvuti kaitsmiseks kotis. Koti p\u00f5hiosas olev kokkupandav vahesein v\u00f5imaldab sul sisemust kohandada, kui sul on vaja eraldada esemeid, n\u00e4iteks jalan\u00f5usid, muudest riietest v\u00f5i lihtsalt lisada organiseeritust.<\/p>\n<\/div>\n<div class=\"mb-6\">\n<h5 class=\"heading5 text-color--black mb-4\">Ikooniline disain ja bluesign\u00ae sertifitseeritud materjalid<\/h5>\n<p class=\"paragraph text-color--gray80\">Ikooniline Thule Subterra kangas ja julgelt lihtne esteetika muudavad selle ideaalseks t\u00e4nap\u00e4evasele reisijale. See kott on bluesign\u00ae sertifikaadiga, mis vastab rangetele tootmiskriteeriumidele, mis tagavad t\u00f6\u00f6tajate, tarbijate ja keskkonna kaitse.<\/p>\n<ul>\n<li>Mitu kandmisv\u00f5imalust \u2013 kandke kotti seljakotina kokkupandavate seljakotirihmade abil v\u00f5i reisikotina \u00f5larihmaga<\/li>\n<li>Eemaldatav s\u00fclearvutikott \u2013 eemaldatavat s\u00fclearvutikotti koos \u00f5larihmaga saab kasutada \u00fcmbrise, kohvri v\u00f5i \u00f5lakotina ning see kaitseb teie 16-tollist s\u00fclearvutit, 12,9-tollist tahvelarvutit ja tehnikatarvikuid.<\/li>\n<li>Eralduspaneel parema organiseerituse tagamiseks \u2013 Hoidke asjad korras ja eraldatuna sisemise kokkupandava vaheseina abil<\/li>\n<li>Veepudelitasku \u2013 Hoidke oma veepudelit, vihmavarju v\u00f5i muid v\u00e4iksemaid asju lukuga k\u00fclgtaskus<\/li>\n<li>Hoidke olulised esemed turvaliselt \u2013 tagapaneeli turvatasku hoiab olulised esemed, n\u00e4iteks passi v\u00f5i rahakoti, teie keha eest kaitstult.<\/li>\n<li>Kiire juurdep\u00e4\u00e4s olulistele asjadele \u2013 eesmine lukuga tasku pakub kiiret juurdep\u00e4\u00e4su v\u00f5tmetele, rahakotile ja v\u00e4iksematele esemetele.<\/li>\n<li>Mugav igast k\u00fcljest kaasas kanda \u2013 sujuv t\u00f5stmine ja \u00fcmberpaigutamine \u00fclemistes, k\u00fclgmistes ja alumistes k\u00e4epidemetes \u00fclemistes kastides<\/li>\n<li>Bluesign\u00ae sertifikaadiga toode \u2013 bluesign\u00ae on range rahvusvaheline kriteerium, mis tagab t\u00f6\u00f6tajate, tarbijate ja keskkonna kaitse.<\/li>\n<li>Kvaliteetne konstruktsioon \u2013 vastupidav konstruktsioon t\u00e4nu YKK t\u00f5mblukkudele ja 800D nailonile, millel on veekindel viimistlus ja mis ei sisalda PFC-sid ehk keskkonnale kahjulikke kemikaale.<\/li>\n<li>K\u00e4sipagasi n\u00f5uetele vastav \u2013 vastab enamiku lennufirmade k\u00e4sipagasi n\u00f5uetele<\/li>\n<\/ul>\n<\/div>","protected":false},"excerpt":{"rendered":"<p>Thule Subterra 2 teisendatav k\u00e4sipagas on reisimiseks h\u00e4davajalik, \u00fchendades endas elegantse disaini kohandatavate omadustega, nagu eemaldatav s\u00fclearvutitasku ja kokkupandav vahesein.<\/p>","protected":false},"featured_media":11494,"template":"","meta":[],"product_brand":[],"product_cat":[71,23,70,76],"product_tag":[116],"class_list":["post-7863","product","type-product","status-publish","has-post-thumbnail","product_cat-carry-on-size-suitcases","product_cat-luggage-bags","product_cat-suitcases-travel-bags","product_cat-travel-backpacks","product_tag-carry-on-size","first","instock","taxable","shipping-taxable","purchasable","product-type-simple"],"jetpack_sharing_enabled":true,"_links":{"self":[{"href":"https:\/\/trailo.ee\/et\/wp-json\/wp\/v2\/product\/7863","targetHints":{"allow":["GET"]}}],"collection":[{"href":"https:\/\/trailo.ee\/et\/wp-json\/wp\/v2\/product"}],"about":[{"href":"https:\/\/trailo.ee\/et\/wp-json\/wp\/v2\/types\/product"}],"wp:featuredmedia":[{"embeddable":true,"href":"https:\/\/trailo.ee\/et\/wp-json\/wp\/v2\/media\/11494"}],"wp:attachment":[{"href":"https:\/\/trailo.ee\/et\/wp-json\/wp\/v2\/media?parent=7863"}],"wp:term":[{"taxonomy":"product_brand","embeddable":true,"href":"https:\/\/trailo.ee\/et\/wp-json\/wp\/v2\/product_brand?post=7863"},{"taxonomy":"product_cat","embeddable":true,"href":"https:\/\/trailo.ee\/et\/wp-json\/wp\/v2\/product_cat?post=7863"},{"taxonomy":"product_tag","embeddable":true,"href":"https:\/\/trailo.ee\/et\/wp-json\/wp\/v2\/product_tag?post=7863"}],"curies":[{"name":"t\u00f6\u00f6leht","href":"https:\/\/api.w.org\/{rel}","templated":true}]}}