{"id":7603,"date":"2026-02-16T16:43:31","date_gmt":"2026-02-16T16:43:31","guid":{"rendered":"https:\/\/trailo.ee\/product\/enroute-backpack-23l-mallard-green\/"},"modified":"2026-05-14T12:37:15","modified_gmt":"2026-05-14T12:37:15","slug":"enroute-backpack-23l-mallard-green","status":"publish","type":"product","link":"https:\/\/trailo.ee\/et\/toode\/enroute-backpack-23l-mallard-green\/","title":{"rendered":"EnRoute 23L, Mallard Green"},"content":{"rendered":"<p><strong>Mitmek\u00fclgne \u00f5ues tegutsemisest inspireeritud seljakott mitmete hoiulahendustega kiireks juurdep\u00e4\u00e4suks.<\/strong><\/p>\n<ul>\n<li>Spetsiaalsed taskud, mis sobivad kuni 15,6-tollise s\u00fclearvuti ja 10,5-tollise tahvelarvuti kaitsmiseks<\/li>\n<li>Pehme voodriga tasku kaitseb ja annab kiire juurdep\u00e4\u00e4su telefonile, p\u00e4ikeseprillidele v\u00f5i muudele v\u00e4ikestele v\u00e4\u00e4risesemetele.<\/li>\n<li>Organiseerimispaneel v\u00f5imaldab kiiret juurdep\u00e4\u00e4su v\u00e4iksematele tarvikutele, pastakatele ja v\u00f5tmetele<\/li>\n<li>Lisasahtlis saab hoida vahetusriideid, aksessuaare v\u00f5i muid isiklikke esemeid ning sellel on lukuga TPU-tasku, mis on veekindel ja kaitseb teisi esemeid ning on privaatsuse tagamiseks l\u00e4bipaistmatu.<\/li>\n<li>V\u00e4lisesse venivast v\u00f5rgust taskusse saab panna veepudeli, toiteadapteri v\u00f5i vihmavarju<\/li>\n<li>Esipaneelil olevad kinnituspunktid v\u00f5imaldavad kinnitada lisatarvikuid<\/li>\n<li>K\u00e4epideme tunnel v\u00f5imaldab seljakoti kindlalt ratastega kohvri k\u00fclge kinnitada, et reisimine oleks lihtsam.<\/li>\n<li>Rinnarihm, polsterdatud seljapaneel \u00f5hukanaliga ja k\u00fclgmised pakkimisrihmad v\u00f5imaldavad koorma tasakaalustamist ja suurendavad kandmismugavust.<\/li>\n<li>Valmistatud bluesign\u00ae-sertifikaadiga 400D nailonist ja YKK lukkudega<\/li>\n<\/ul>","protected":false},"excerpt":{"rendered":"<p>Mitmek\u00fclgne \u00f5ues tegutsemisest inspireeritud seljakott, millel on mitu hoiulahendust, et sa liikvel olles organiseerituna p\u00fcsiksid.<\/p>\n<div class=\"d-flex feature-wrapper mb-lg-8\">\n<div class=\"mb-8 feature-text-content\"><span class=\"paragraph\" data-original=\"Elevated, dedicated pockets protects up to a 16 laptop and up to a 10.5&quot; tablet&quot;\" data-withplaceholders=\"\">K\u00f5rgemad spetsiaalsed taskud kaitsevad kuni 16-tollist s\u00fclearvutit ja kuni 10,5-tollist tahvelarvutit.\u201d<\/span><\/div>\n<\/div>\n<div class=\"d-flex feature-wrapper mb-lg-8\">\n<div class=\"image-container me-lg-8 has-image\"><picture><source srcset=\"https:\/\/www.thule.com\/-\/p\/BsnDiJcw6THJIm4dFp2-6yakXqZjnceuBM4nVz6xOfM\/rs:fit\/f:avif\/cb:1.8\/q:80\/w:436\/plain\/approved\/std.lang.all\/22\/17\/1002217.jpg\" media=\"(min-width:992px)\" \/><source srcset=\"https:\/\/www.thule.com\/-\/p\/7V5MZi9WqRVV9pP2bsA7Wse5HvUnbS_RyBYUFiSK_2U\/rs:fit\/f:avif\/cb:1.8\/q:80\/w:991\/plain\/approved\/std.lang.all\/22\/17\/1002217.jpg\" media=\"(min-width:768px) and (max-width:991px)\" \/><source srcset=\"https:\/\/www.thule.com\/-\/p\/o1C2lzC4Y2_4X9YCHWr-HUAJSzMCQZAPdxexJ4FOX8s\/rs:fit\/f:avif\/cb:1.8\/q:80\/w:767\/plain\/approved\/std.lang.all\/22\/17\/1002217.jpg\" media=\"(min-width:600px) and (max-width:767px)\" \/><source srcset=\"https:\/\/www.thule.com\/-\/p\/5v7reFiV2wJ1vmlCJ2Bl2D06l59yndoCtM1pl5LPuHo\/rs:fit\/f:avif\/cb:1.8\/q:80\/w:599\/plain\/approved\/std.lang.all\/22\/17\/1002217.jpg\" media=\"(min-width:480px) and (max-width:599px)\" \/><source srcset=\"https:\/\/www.thule.com\/-\/p\/inzMU4jrnpbZgs_PiMy25BUKn0pv_iR-BYRZgFuknTM\/rs:fit\/f:avif\/cb:1.8\/q:80\/w:479\/plain\/approved\/std.lang.all\/22\/17\/1002217.jpg\" media=\"(max-width:479px)\" \/><\/picture><\/div>\n<\/div>","protected":false},"featured_media":11849,"template":"","meta":[],"product_brand":[],"product_cat":[82,81,23],"product_tag":[118],"class_list":["post-7603","product","type-product","status-publish","has-post-thumbnail","product_cat-backpacks-for-laptops","product_cat-laptop-bags","product_cat-luggage-bags","product_tag-laptop-bags","first","instock","taxable","shipping-taxable","purchasable","product-type-simple"],"jetpack_sharing_enabled":true,"_links":{"self":[{"href":"https:\/\/trailo.ee\/et\/wp-json\/wp\/v2\/product\/7603","targetHints":{"allow":["GET"]}}],"collection":[{"href":"https:\/\/trailo.ee\/et\/wp-json\/wp\/v2\/product"}],"about":[{"href":"https:\/\/trailo.ee\/et\/wp-json\/wp\/v2\/types\/product"}],"wp:featuredmedia":[{"embeddable":true,"href":"https:\/\/trailo.ee\/et\/wp-json\/wp\/v2\/media\/11849"}],"wp:attachment":[{"href":"https:\/\/trailo.ee\/et\/wp-json\/wp\/v2\/media?parent=7603"}],"wp:term":[{"taxonomy":"product_brand","embeddable":true,"href":"https:\/\/trailo.ee\/et\/wp-json\/wp\/v2\/product_brand?post=7603"},{"taxonomy":"product_cat","embeddable":true,"href":"https:\/\/trailo.ee\/et\/wp-json\/wp\/v2\/product_cat?post=7603"},{"taxonomy":"product_tag","embeddable":true,"href":"https:\/\/trailo.ee\/et\/wp-json\/wp\/v2\/product_tag?post=7603"}],"curies":[{"name":"t\u00f6\u00f6leht","href":"https:\/\/api.w.org\/{rel}","templated":true}]}}