{"id":7119,"date":"2026-02-16T08:01:47","date_gmt":"2026-02-16T08:01:47","guid":{"rendered":"https:\/\/trailo.ee\/product\/subterra-wheeled-duffel-70cm-28-black\/"},"modified":"2026-05-14T07:53:40","modified_gmt":"2026-05-14T07:53:40","slug":"subterra-wheeled-duffel-70cm-28-black","status":"publish","type":"product","link":"https:\/\/trailo.ee\/et\/toode\/subterra-wheeled-duffel-70cm-28-black\/","title":{"rendered":"Subterra ratastega reisikott 70cm (75L), must"},"content":{"rendered":"<p>Thule Sunterra 70 cm\/28-tolline reisikott on kerge raami, \u00fclisuurte rataste ja V-toruga teleskoopk\u00e4epideme t\u00f5ttu sujuv. See suur ratastel reisikott sobib ideaalselt \u00e4rireisideks v\u00f5i perepuhkuseks. Sellel avaral ratastel reisikotil on avar sisemus kahe eraldi pakkimissahtliga, mis mahutavad k\u00f5ik vajaliku pikemateks reisideks. Jagatud p\u00f5hisaht eraldab ka puhta ja musta ning t\u00f6\u00f6 ja vaba aja veetmise osad, nii et olete kindlasti organiseeritud k\u00f5ikjal, kuhu l\u00e4hete. K\u00f5ik Thule ratastel reisikohvrid on ehitatud vastu pidama t\u00e4nap\u00e4evase reisimise raskustele ja see reisikott pole erand. Vastupidavad materjalid, tugev v\u00e4lisskelett ja vormitud tagapaneel neelavad l\u00f6\u00f6ke ja j\u00e4tavad teie kohvri alati j\u00e4rgmiseks seikluseks valmis. Istuge maha, l\u00f5dvestuge ja nautige reisi.<\/p>\n<ul class=\"a-unordered-list a-vertical a-spacing-mini\">\n<li class=\"a-spacing-mini\"><span class=\"a-list-item\">Suur ratastel reisikott, mis sobib ideaalselt pikemateks reisideks<\/span><\/li>\n<li class=\"a-spacing-mini\"><span class=\"a-list-item\">Avar sisemus kahe eraldi pakkimissektsiooniga<\/span><\/li>\n<li class=\"a-spacing-mini\"><span class=\"a-list-item\">Tugevad \u00fclisuured rattad sujuvaks transportimiseks<\/span><\/li>\n<li class=\"a-spacing-mini\"><span class=\"a-list-item\">Vastupidav v\u00e4lisskelett ja vormitud tagapaneel neelavad sagedaste reiside m\u00f5jusid<\/span><\/li>\n<li class=\"a-spacing-mini\"><span class=\"a-list-item\">Pealtlaetav tasku v\u00e4ikestele olulistele esemetele kiireks ligip\u00e4\u00e4suks.<\/span><\/li>\n<li class=\"a-spacing-mini\"><span class=\"a-list-item\">Seljale kinnitatav rihm teise koti h\u00f5lpsaks kinnitamiseks.<\/span><\/li>\n<li class=\"a-spacing-mini\"><span class=\"a-list-item\">V\u00e4lised surverihmad kohandavad pagasi mahtu ja hoiavad asjad paigal.<\/span><\/li>\n<\/ul>","protected":false},"excerpt":{"rendered":"<p>Elegantne, avaram ja vastupidav Thule Sunterra pagas on loodud selleks, et aidata teil pakkida ja reisida T\u00d5HUSALT.<\/p>","protected":false},"featured_media":10858,"template":"","meta":[],"product_brand":[],"product_cat":[72,23,70],"product_tag":[117],"class_list":["post-7119","product","type-product","status-publish","has-post-thumbnail","product_cat-checked-baggage-size-suitcases","product_cat-luggage-bags","product_cat-suitcases-travel-bags","product_tag-checked-baggage-size-suitcases","first","instock","taxable","shipping-taxable","purchasable","product-type-simple"],"jetpack_sharing_enabled":true,"_links":{"self":[{"href":"https:\/\/trailo.ee\/et\/wp-json\/wp\/v2\/product\/7119","targetHints":{"allow":["GET"]}}],"collection":[{"href":"https:\/\/trailo.ee\/et\/wp-json\/wp\/v2\/product"}],"about":[{"href":"https:\/\/trailo.ee\/et\/wp-json\/wp\/v2\/types\/product"}],"wp:featuredmedia":[{"embeddable":true,"href":"https:\/\/trailo.ee\/et\/wp-json\/wp\/v2\/media\/10858"}],"wp:attachment":[{"href":"https:\/\/trailo.ee\/et\/wp-json\/wp\/v2\/media?parent=7119"}],"wp:term":[{"taxonomy":"product_brand","embeddable":true,"href":"https:\/\/trailo.ee\/et\/wp-json\/wp\/v2\/product_brand?post=7119"},{"taxonomy":"product_cat","embeddable":true,"href":"https:\/\/trailo.ee\/et\/wp-json\/wp\/v2\/product_cat?post=7119"},{"taxonomy":"product_tag","embeddable":true,"href":"https:\/\/trailo.ee\/et\/wp-json\/wp\/v2\/product_tag?post=7119"}],"curies":[{"name":"t\u00f6\u00f6leht","href":"https:\/\/api.w.org\/{rel}","templated":true}]}}