{"id":131,"date":"2026-01-21T06:09:02","date_gmt":"2026-01-21T06:09:02","guid":{"rendered":"https:\/\/trailo.ee\/?page_id=131"},"modified":"2026-03-17T09:00:23","modified_gmt":"2026-03-17T09:00:23","slug":"warranty","status":"publish","type":"page","link":"https:\/\/trailo.ee\/et\/warranty\/","title":{"rendered":"Garantii"},"content":{"rendered":"<div class=\"wp-block-jetpack-contact-form is-layout-flex wp-container-jetpack-contact-form-is-layout-7f6ac06e wp-block-jetpack-contact-form-is-layout-flex\"><a href=\"https:\/\/trailo.ee\/et\/warranty\/\" target=\"_blank\" rel=\"noopener noreferrer\">Esitage vorm.<\/a><\/div>\n\n\n<p class=\"wp-block-paragraph\"><\/p>\n\n\n\n<p class=\"wp-block-paragraph\"><\/p>\n\n\n\n<p class=\"wp-block-paragraph\"><strong>Garantiin\u00f5ude esitamine<br><\/strong>Edasim\u00fc\u00fcja vaatab teie n\u00f5ude \u00fcle ja enamasti lahendab selle. Kui on vaja t\u00e4iendavat kontrolli, edastab edasim\u00fc\u00fcja toote kas Thule&#039;ile v\u00f5i asendab selle.<br>Teie seadmete usaldusv\u00e4\u00e4rne transport<br>Thule eesm\u00e4rk on pakkuda erakordseid tooteid, mis on l\u00e4binud kvaliteedikontrolli ja millele kehtib materjali- ja tootmisdefektide garantii.<br><\/p>\n\n\n\n<p class=\"wp-block-paragraph\"><strong>Thule garantii<br><\/strong>Thule garantii katab k\u00f5ik teie Thule toote defektid v\u00f5i kahjustused. See h\u00f5lmab materjalide tavap\u00e4rasest kulumisest v\u00f5i loomulikust v\u00e4rvimuutusest tingitud kahjustusi 2 (kahe) aasta jooksul alates algse ostja ostukuup\u00e4evast. Thule garantii annab teile konkreetsed \u00f5iguslikud eelised. See ei m\u00f5juta teie seadusj\u00e4rgseid \u00f5igusi defektse toote ostjana.<br><\/p>\n\n\n\n<p class=\"wp-block-paragraph\">Thule j\u00e4tab endale \u00f5iguse teha j\u00e4rgmist:<\/p>\n\n\n\n<ul class=\"wp-block-list\">\n<li>Paranda toodet, mis vastab Thule garantiitingimustele<\/li>\n\n\n\n<li>Asendage toode, kui kahjustust v\u00f5i defekti ei saa parandada<\/li>\n\n\n\n<li>Pakkuda samav\u00e4\u00e4rse v\u00e4\u00e4rtusega sarnast toodet v\u00f5i tagastada makstud summa, kui me ei saa toodet sama mudeliga asendada.<\/li>\n<\/ul>\n\n\n\n<p class=\"wp-block-paragraph\"><br>Garantii ei kata defekte, mis on tekkinud Thule kontrolli alt v\u00e4ljas olevate asjaolude tagaj\u00e4rjel, sh toote v\u00f5i selle lisatarvikute v\u00e4\u00e4rkasutamine, \u00fclekoormamine v\u00f5i kokkupanek, paigaldamine v\u00f5i kasutamine viisil, mis ei ole koosk\u00f5las Thule kirjalike juhiste ja ohutusteabega. Samuti ei kata see kasutaja s\u00f5idukile, elektroonikaseadmetele, lastile ega muule isikule v\u00f5i varale tekitatud kahjustusi.<br><\/p>\n\n\n\n<p class=\"wp-block-paragraph\"><strong>Thule pikendatud garantii<br><\/strong>Thule laiendatud garantii kehtib Thule toodetud toodetele ja lisatarvikutele, mis m\u00fc\u00fcakse algsele ostjale Thule kaubam\u00e4rgi all. Garantii katab materjali- v\u00f5i tootmisdefektid ning kehtib teatud arvu aastaid alates algsest ostukuup\u00e4evast, olenevalt tootest. Iga toote kogugarantii (Thule garantii pluss Thule laiendatud garantii) t\u00e4pne kestus on toodud allpool.<\/p>\n\n\n\n<p class=\"wp-block-paragraph\"><br>K\u00e4esolevas garantiis kirjeldatud piirangute ja v\u00e4listuste kohaselt k\u00f5rvaldab Thule garantiiaja jooksul materjali- v\u00f5i tootmisdefektid, parandades v\u00f5i asendades (Thule valikul) defektsed komponendid tasuta varuosade ja t\u00f6\u00f6j\u00f5u eest. Thule laiendatud garantii kehtivuse tagamiseks:, <a href=\"https:\/\/www.thule.com\/et-ee\/product-registration\" data-type=\"link\" data-id=\"https:\/\/www.thule.com\/et-ee\/product-registration\">registreerige toode Thule veebisaidil kahe aasta jooksul alates ostukuup\u00e4evast<\/a>.<\/p>\n\n\n\n<figure class=\"wp-block-table\"><table class=\"has-fixed-layout\"><tbody><tr><td><strong>&nbsp;<\/strong><\/td><td><strong>2-aastane Thule garantii<\/strong><\/td><td><strong>Thule pikendatud garantii<\/strong><\/td><td><strong>Thule pikendatud garantii<\/strong><strong>(Aastate koguarv))<\/strong><\/td><\/tr><tr><td colspan=\"4\"><strong>Riiulid<\/strong><\/td><\/tr><tr><td>Jalgrattahoidjad<\/td><td>Jah<\/td><td>+ 3 aastat<\/td><td>5 aastat<\/td><\/tr><tr><td>Kastid ja korvid<\/td><td>Jah<\/td><td>+ 3 aastat<\/td><td>5 aastat<\/td><\/tr><tr><td>Katuseraamid<\/td><td>Jah<\/td><td>+ 3 aastat<\/td><td>5 aastat<\/td><\/tr><tr><td>Veespordivarustuse riiulid<\/td><td>Jah<\/td><td>+ 3 aastat<\/td><td>5 aastat<\/td><\/tr><tr><td>Talvispordivarustuse riiulid<\/td><td>Jah<\/td><td>+ 3 aastat<\/td><td>5 aastat<\/td><\/tr><tr><td colspan=\"4\"><strong>Pagas ja kotid<\/strong><\/td><\/tr><tr><td>Seljakotid<\/td><td>Jah<\/td><td>+ 1 aasta<\/td><td>3 aastat<\/td><\/tr><tr><td>Kohvrid Kotid<\/td><td>JahJah<\/td><td>+ 3 aastatEi<\/td><td>5 aastat 2 aastat<\/td><\/tr><tr><td>Jalgrattakotid ja -rattahoidikud<\/td><td>Jah<\/td><td>+ 3 aastat<\/td><td>5 aastat<\/td><\/tr><tr><td>Talvispordivarustuse kotidJalgrattakotid<\/td><td>JahJah<\/td><td>Ei + 3 aastat<\/td><td>2 aastat5 aastat<\/td><\/tr><tr><td colspan=\"4\"><strong>Kotid ja \u00fcmbrised<\/strong><\/td><\/tr><tr><td>Seljakotid ja k\u00e4ekotid<\/td><td>Jah<\/td><td>Ei<\/td><td>2 aastat<\/td><\/tr><tr><td>S\u00fclearvutikotid ja -\u00fcmbrised<\/td><td>Jah<\/td><td>Ei<\/td><td>2 aastat<\/td><\/tr><tr><td>Telefoni- ja s\u00fclearvutikotid<\/td><td>Jah<\/td><td>Ei<\/td><td>2 aastat<\/td><\/tr><tr><td>Kaamerakotid<\/td><td>Jah<\/td><td>Ei<\/td><td>2 aastat<\/td><\/tr><tr><td><strong>Haagissuvila v\u00f5i matkaauto lisatarvikud<\/strong><\/td><td>Jah<\/td><td>Ei<\/td><td>2 aastat<\/td><\/tr><tr><td><strong>Katusetelgid ja tarvikud<\/strong><\/td><td>Jah<\/td><td>Ei<\/td><td>2 aastat<\/td><\/tr><\/tbody><\/table><\/figure>\n\n\n\n<p class=\"wp-block-paragraph\"><\/p>\n\n\n\n<p class=\"wp-block-paragraph\">Pange t\u00e4hele, et Thule laiendatud garantiile kehtivad j\u00e4rgmised piirangud.<\/p>\n\n\n\n<p class=\"wp-block-paragraph\"><br>Thule ei kata defekte, mis on tekkinud Thule kontrolli alt v\u00e4ljas olevate asjaolude tagaj\u00e4rjel, sealhulgas, kuid mitte ainult, toote v\u00f5i selle lisatarvikute v\u00e4\u00e4rkasutamine, \u00fclekoormamine v\u00f5i kokkupanek, paigaldamine v\u00f5i kasutamine viisil, mis ei ole koosk\u00f5las Thule kirjalike juhiste ja ohutustekstiga. Samuti ei kata Thule kasutaja s\u00f5idukile, elektroonikaseadmetele, lastile ega \u00fchelegi muule isikule v\u00f5i varale tekitatud kahju.<\/p>\n\n\n\n<p class=\"wp-block-paragraph\"><br>Thule pikendatud garantiiperioodi jooksul ei kata me kahjustusi ja\/v\u00f5i defekte, mis on tekkinud tavap\u00e4rase kulumise tagaj\u00e4rjel (nt pidurite, rehvide ja sisekummide kulumine, elektrilised komponendid, v\u00e4lispinna probleemid, defektsed lukud, kahjustatud pandlad, kooruvad katted ja kangaste v\u00e4rvimuutus).<\/p>\n\n\n\n<p class=\"wp-block-paragraph\"><br>Thule ei kata v\u00e4\u00e4rkasutusest (nt rebendid, l\u00f5iked ja augud kangas) ega kosmeetilistest kahjustustest (nt kriimustatud v\u00f5i plekilised kangad) tingitud kahjustusi.<\/p>\n\n\n\n<p class=\"wp-block-paragraph\"><br>Lisaks ei kuulu h\u00fcvitamisele lennufirmade v\u00f5i muud transpordist tingitud kahjustused (nt r\u00f5hukahjustused; rebendid, l\u00f5iked ja augud kangas; rattakatete, k\u00e4epidemete ja muude kotitarvikute kahjustused). Transpordist tingitud kahjude h\u00fcvitamise n\u00f5uded tuleks esitada transpordiettev\u00f5tte vastu.<\/p>\n\n\n\n<p class=\"wp-block-paragraph\"><br>Ostja vastutab komponentide\/toodete ja ostut\u00f5endi tagastamise kulude eest ostukohta.<br>K\u00fcsimuste korral v\u00f5tke palun \u00fchendust aadressil info@trailo.ee.<\/p>","protected":false},"excerpt":{"rendered":"<p>Garantiin\u00f5ude esitamineTeie n\u00f5ue vaadatakse edasim\u00fc\u00fcja poolt l\u00e4bi ja enamasti lahendatakse see. Kui edasine kontroll on vajalik<\/p>","protected":false},"author":1,"featured_media":0,"parent":0,"menu_order":0,"comment_status":"closed","ping_status":"closed","template":"","meta":{"footnotes":""},"class_list":["post-131","page","type-page","status-publish","hentry"],"jetpack_sharing_enabled":true,"_links":{"self":[{"href":"https:\/\/trailo.ee\/et\/wp-json\/wp\/v2\/pages\/131","targetHints":{"allow":["GET"]}}],"collection":[{"href":"https:\/\/trailo.ee\/et\/wp-json\/wp\/v2\/pages"}],"about":[{"href":"https:\/\/trailo.ee\/et\/wp-json\/wp\/v2\/types\/page"}],"author":[{"embeddable":true,"href":"https:\/\/trailo.ee\/et\/wp-json\/wp\/v2\/users\/1"}],"replies":[{"embeddable":true,"href":"https:\/\/trailo.ee\/et\/wp-json\/wp\/v2\/comments?post=131"}],"version-history":[{"count":7,"href":"https:\/\/trailo.ee\/et\/wp-json\/wp\/v2\/pages\/131\/revisions"}],"predecessor-version":[{"id":32018,"href":"https:\/\/trailo.ee\/et\/wp-json\/wp\/v2\/pages\/131\/revisions\/32018"}],"wp:attachment":[{"href":"https:\/\/trailo.ee\/et\/wp-json\/wp\/v2\/media?parent=131"}],"curies":[{"name":"t\u00f6\u00f6leht","href":"https:\/\/api.w.org\/{rel}","templated":true}]}}