{"id":118,"date":"2026-01-21T06:07:20","date_gmt":"2026-01-21T06:07:20","guid":{"rendered":"https:\/\/trailo.ee\/?page_id=118"},"modified":"2026-03-17T08:59:40","modified_gmt":"2026-03-17T08:59:40","slug":"privacy-policy","status":"publish","type":"page","link":"https:\/\/trailo.ee\/et\/privacy-policy\/","title":{"rendered":"Privaatsuspoliitika"},"content":{"rendered":"<ol class=\"wp-block-list\">\n<li>\u00dclds\u00e4tted<\/li>\n<\/ol>\n\n\n\n<p class=\"wp-block-paragraph\">1.1. K\u00e4esolev privaatsuspoliitika reguleerib isikuandmete kogumise, t\u00f6\u00f6tlemise ja s\u00e4ilitamise p\u00f5him\u00f5tteid. Isikuandmeid kogub, t\u00f6\u00f6tleb ja s\u00e4ilitab vastutav isikuandmete t\u00f6\u00f6tleja Trailo O\u00dc (registrikood 17395238) (edaspidi andmet\u00f6\u00f6tleja).<\/p>\n\n\n\n<p class=\"wp-block-paragraph\">1.2. Andmesubjekt privaatsuspoliitika t\u00e4henduses on klient v\u00f5i muu f\u00fc\u00fcsiline isik, kelle isikuandmeid andmet\u00f6\u00f6tleja t\u00f6\u00f6tleb.<\/p>\n\n\n\n<p class=\"wp-block-paragraph\">1.3. Kliendi privaatsuspoliitika t\u00e4henduses on iga\u00fcks, kes ostab kaupu v\u00f5i teenuseid andmet\u00f6\u00f6tleja veebisaidilt.<\/p>\n\n\n\n<p class=\"wp-block-paragraph\">1.4. Andmet\u00f6\u00f6tleja t\u00f6\u00f6tleb isikuandmeid seaduslikult, \u00f5iglaselt ja turvaliselt, j\u00e4rgides seaduses kehtestatud andmet\u00f6\u00f6tlusp\u00f5him\u00f5tteid, sealhulgas andmet\u00f6\u00f6tleja isikuandmete t\u00f6\u00f6tlemist. Andmet\u00f6\u00f6tleja on v\u00f5imeline kinnitama, et isikuandmeid on t\u00f6\u00f6deldud vastavalt \u00f5igusaktidele.<\/p>\n\n\n\n<ol start=\"2\" class=\"wp-block-list\">\n<li>Isikuandmete kogumine, t\u00f6\u00f6tlemine ja s\u00e4ilitamine<\/li>\n<\/ol>\n\n\n\n<p class=\"wp-block-paragraph\">2.1. Andmet\u00f6\u00f6tleja kogub, t\u00f6\u00f6tleb ja s\u00e4ilitab isikuandmeid elektrooniliselt, peamiselt veebisaidi ja e-posti teel.<\/p>\n\n\n\n<p class=\"wp-block-paragraph\">2.2. Oma isikuandmete jagamisega annab andmesubjekt andmet\u00f6\u00f6tlejale \u00f5iguse koguda, korraldada, kasutada ja hallata privaatsuspoliitikas m\u00e4\u00e4ratletud isikuandmeid, mida andmesubjekt jagab andmet\u00f6\u00f6tlejaga otse v\u00f5i kaudselt veebilehelt kaupu v\u00f5i teenuseid ostes.<\/p>\n\n\n\n<p class=\"wp-block-paragraph\">2.3. Andmesubjekt vastutab selle eest, et tema esitatud andmed on t\u00f5esed, \u00f5iged ja t\u00e4ielikud. Teadlikult valeandmete esitamine on privaatsuspoliitika rikkumine. Andmesubjekt on kohustatud viivitamatult teavitama teisi andmet\u00f6\u00f6tlejaid esitatud andmete muudatustest.<\/p>\n\n\n\n<p class=\"wp-block-paragraph\">2.4. Andmet\u00f6\u00f6tleja ei vastuta kahjude eest, mida andmesubjektile v\u00f5i kolmandatele isikutele tekitab andmesubjekti esitatud valeandmete t\u00f5ttu.<\/p>\n\n\n\n<ol start=\"3\" class=\"wp-block-list\">\n<li>Klientide isikuandmete t\u00f6\u00f6tlemine<\/li>\n<\/ol>\n\n\n\n<p class=\"wp-block-paragraph\">3.1. Andmet\u00f6\u00f6tleja v\u00f5ib t\u00f6\u00f6delda j\u00e4rgmisi andmesubjekti isikuandmeid:<\/p>\n\n\n\n<p class=\"wp-block-paragraph\">3.1.1. Ees- ja perekonnanimi;<\/p>\n\n\n\n<p class=\"wp-block-paragraph\">3.1.2. S\u00fcnnikuup\u00e4ev;<\/p>\n\n\n\n<p class=\"wp-block-paragraph\">3.1.3. telefoninumber;<\/p>\n\n\n\n<p class=\"wp-block-paragraph\">3.1.4. E-posti aadress;<\/p>\n\n\n\n<p class=\"wp-block-paragraph\">3.1.5. Kohaletoimetamise aadress;<\/p>\n\n\n\n<p class=\"wp-block-paragraph\">3.1.6. Pangakonto number;<\/p>\n\n\n\n<p class=\"wp-block-paragraph\">3.1.7. Maksekaardi lisa;<\/p>\n\n\n\n<p class=\"wp-block-paragraph\">3.2. Lisaks eeltoodule on andmet\u00f6\u00f6tlejal \u00f5igus koguda kliendi kohta andmeid, mis on k\u00e4ttesaadavad avalikes registrites.<\/p>\n\n\n\n<p class=\"wp-block-paragraph\">3.3. Isikuandmete t\u00f6\u00f6tlemise \u00f5iguslik alus on isikuandmete kaitse \u00fcldm\u00e4\u00e4ruse artikli 6 l\u00f5ike 1 punktid a, b, c ja f:<\/p>\n\n\n\n<p class=\"wp-block-paragraph\">a) andmesubjekt on esitanud oma isikuandmed \u00fchel v\u00f5i mitmel konkreetsel eesm\u00e4rgil;<\/p>\n\n\n\n<p class=\"wp-block-paragraph\">b) isikuandmete t\u00f6\u00f6tlemine on vajalik andmesubjektide osalusel s\u00f5lmitud lepingu t\u00e4itmiseks v\u00f5i andmesubjekti taotlusel lepingu s\u00f5lmimiseks meetmete v\u00f5tmiseks;<\/p>\n\n\n\n<p class=\"wp-block-paragraph\">c) isikuandmete t\u00f6\u00f6tlemine on vajalik vastutava t\u00f6\u00f6tlemisega seotud kohustuste t\u00e4itmiseks;<\/p>\n\n\n\n<p class=\"wp-block-paragraph\">f) isikuandmete t\u00f6\u00f6tlemine on vajalik vastutava t\u00f6\u00f6tleja v\u00f5i kolmanda isiku \u00f5igustatud huvide elluviimiseks, kui andmesubjekti huvid v\u00f5i p\u00f5hi\u00f5igused ja -vabadused on olulisemad, eelk\u00f5ige juhul, kui andmesubjekt on laps.<\/p>\n\n\n\n<p class=\"wp-block-paragraph\">3.4. Isikuandmete t\u00f6\u00f6tlemine vastavalt t\u00f6\u00f6tlemisele:<\/p>\n\n\n\n<p class=\"wp-block-paragraph\">3.4.1. T\u00f6\u00f6tlemise eesm\u00e4rk \u2013 turvalisus ja ohutus<\/p>\n\n\n\n<p class=\"wp-block-paragraph\">Isikuandmete s\u00e4ilitamise maksimaalne periood \u2013 vastavalt seaduses s\u00e4testatud t\u00e4htaegadele<\/p>\n\n\n\n<p class=\"wp-block-paragraph\">3.4.2. T\u00f6\u00f6tlemise eesm\u00e4rk \u2013 veebipoe teenuste toimimise tagamine<\/p>\n\n\n\n<p class=\"wp-block-paragraph\">Isikuandmete maksimaalne s\u00e4ilitamisaeg \u2013 24 kalendrikuud<\/p>\n\n\n\n<p class=\"wp-block-paragraph\">3.4.3. T\u00f6\u00f6tlemise eesm\u00e4rk \u2013 kliendihaldus<\/p>\n\n\n\n<p class=\"wp-block-paragraph\">Isikuandmete maksimaalne s\u00e4ilitamisaeg \u2013 24 kalendrikuud 3.4.4. T\u00f6\u00f6tlemise eesm\u00e4rk \u2013 finantstegevus, raamatupidamine<\/p>\n\n\n\n<p class=\"wp-block-paragraph\">Isikuandmete s\u00e4ilitamise maksimaalne periood \u2013 vastavalt seaduses s\u00e4testatud t\u00e4htaegadele<\/p>\n\n\n\n<p class=\"wp-block-paragraph\">3.4.5. T\u00f6\u00f6tlemise eesm\u00e4rk \u2013 turundus<\/p>\n\n\n\n<p class=\"wp-block-paragraph\">Isikuandmete maksimaalne s\u00e4ilitamisaeg \u2013 24 kalendrikuud<\/p>\n\n\n\n<p class=\"wp-block-paragraph\">3.5. Andmet\u00f6\u00f6tlejal on \u00f5igus jagada isikuandmeid kolmandate isikutega, n\u00e4iteks volitatud andmet\u00f6\u00f6tlejatega, raamatupidajatega, transpordi- ja kullerfirmadega, \u00fclekandeteenuseid pakkuvate ettev\u00f5tetega. Andmet\u00f6\u00f6tleja on isikuandmete vastutav t\u00f6\u00f6tleja. Andmet\u00f6\u00f6tleja edastab maksete tegemiseks vajalikud isikuandmed volitatud t\u00f6\u00f6tlejale ESTO O\u00dc.<\/p>\n\n\n\n<p class=\"wp-block-paragraph\">3.6. Andmesubjekti isikuandmete t\u00f6\u00f6tlemisel ja s\u00e4ilitamisel rakendab andmet\u00f6\u00f6tleja organisatsioonilisi ja tehnilisi meetmeid, mis tagavad isikuandmete kaitse juhusliku v\u00f5i ebaseadusliku h\u00e4vitamise, muutmise, avalikustamise ja mis tahes muu ebaseadusliku t\u00f6\u00f6tlemise eest.<\/p>\n\n\n\n<p class=\"wp-block-paragraph\">3.7. Andmet\u00f6\u00f6tleja s\u00e4ilitab andmesubjektide andmeid t\u00f6\u00f6tlemise eesm\u00e4rgil, kuid mitte kauem kui 2 aastat.<\/p>\n\n\n\n<ol start=\"4\" class=\"wp-block-list\">\n<li>Andmesubjekti \u00f5igused<\/li>\n<\/ol>\n\n\n\n<p class=\"wp-block-paragraph\">4.1. Andmesubjektil on \u00f5igus oma isikuandmetega tutvuda ja nendega tutvuda.<\/p>\n\n\n\n<p class=\"wp-block-paragraph\">4.2. Andmesubjektil on \u00f5igus saada teavet teda puudutavate isikuandmete t\u00f6\u00f6tlemise kohta.<\/p>\n\n\n\n<p class=\"wp-block-paragraph\">4.3. Andmesubjektil on \u00f5igus n\u00f5uda ebat\u00e4psete andmete t\u00e4iendamist v\u00f5i parandamist.<\/p>\n\n\n\n<p class=\"wp-block-paragraph\">4.4. Kui andmet\u00f6\u00f6tleja t\u00f6\u00f6tleb andmesubjekti isikuandmeid andmesubjekti avalduste alusel, on andmesubjektil \u00f5igus n\u00f5usolek igal ajal tagasi v\u00f5tta.<\/p>\n\n\n\n<p class=\"wp-block-paragraph\">4.5. Oma \u00f5iguste teostamiseks saab andmesubjekt v\u00f5tta \u00fchendust e-poe klienditoega aadressil info@trailo.ee<\/p>\n\n\n\n<p class=\"wp-block-paragraph\">4.6. Andmesubjektil on \u00f5igus oma \u00f5iguste kaitsmiseks esitada kaebus Andmekaitse Inspektsioonile.<\/p>\n\n\n\n<ol start=\"5\" class=\"wp-block-list\">\n<li>L\u00f5pps\u00e4tted<\/li>\n<\/ol>\n\n\n\n<p class=\"wp-block-paragraph\">5.1. K\u00e4esolevad andmekaitsetingimused on koostatud koosk\u00f5las Euroopa Parlamendi ja n\u00f5ukogu m\u00e4\u00e4rusega (EL) nr 2016\/679 f\u00fc\u00fcsiliste isikute kaitse kohta isikuandmete t\u00f6\u00f6tlemisel ja selliste andmete vaba liikumise ning direktiivi 95\/46\/E\u00dc kehtetuks tunnistamise kohta (isikuandmete kaitse \u00fcldm\u00e4\u00e4rus), Eesti Vabariigi isikuandmete kaitse seadusega ning Eesti Vabariigi ja Euroopa Liidu \u00f5igusaktidega.<\/p>\n\n\n\n<p class=\"wp-block-paragraph\">5.2. Andmet\u00f6\u00f6tlejal on \u00f5igus andmekaitsetingimusi osaliselt v\u00f5i t\u00e4ielikult muuta, teavitades andmesubjekte muudatustest veebisaidi www.trailo.ee kaudu.<\/p>","protected":false},"excerpt":{"rendered":"<p>1.1. K\u00e4esolev privaatsuspoliitika reguleerib isikuandmete kogumise, t\u00f6\u00f6tlemise ja s\u00e4ilitamise p\u00f5him\u00f5tteid. Isikuandmeid kogutakse, t\u00f6\u00f6deldakse<\/p>","protected":false},"author":1,"featured_media":0,"parent":0,"menu_order":0,"comment_status":"closed","ping_status":"closed","template":"","meta":{"footnotes":""},"class_list":["post-118","page","type-page","status-publish","hentry"],"jetpack_sharing_enabled":true,"_links":{"self":[{"href":"https:\/\/trailo.ee\/et\/wp-json\/wp\/v2\/pages\/118","targetHints":{"allow":["GET"]}}],"collection":[{"href":"https:\/\/trailo.ee\/et\/wp-json\/wp\/v2\/pages"}],"about":[{"href":"https:\/\/trailo.ee\/et\/wp-json\/wp\/v2\/types\/page"}],"author":[{"embeddable":true,"href":"https:\/\/trailo.ee\/et\/wp-json\/wp\/v2\/users\/1"}],"replies":[{"embeddable":true,"href":"https:\/\/trailo.ee\/et\/wp-json\/wp\/v2\/comments?post=118"}],"version-history":[{"count":1,"href":"https:\/\/trailo.ee\/et\/wp-json\/wp\/v2\/pages\/118\/revisions"}],"predecessor-version":[{"id":119,"href":"https:\/\/trailo.ee\/et\/wp-json\/wp\/v2\/pages\/118\/revisions\/119"}],"wp:attachment":[{"href":"https:\/\/trailo.ee\/et\/wp-json\/wp\/v2\/media?parent=118"}],"curies":[{"name":"t\u00f6\u00f6leht","href":"https:\/\/api.w.org\/{rel}","templated":true}]}}